{"id":4374,"date":"2023-05-10T20:42:00","date_gmt":"2023-05-10T20:42:00","guid":{"rendered":"https:\/\/fundacion-ecotic.es\/serveis-consumidors\/"},"modified":"2024-06-13T20:19:59","modified_gmt":"2024-06-13T20:19:59","slug":"serveis-consumidors","status":"publish","type":"page","link":"https:\/\/fundacion-ecotic.es\/ca\/serveis-consumidors\/","title":{"rendered":"Serveis &#8211; Consumidors"},"content":{"rendered":"\t\t<div data-elementor-type=\"wp-page\" data-elementor-id=\"4374\" class=\"elementor elementor-4374 elementor-601\" data-elementor-post-type=\"page\">\n\t\t\t\t<div class=\"elementor-element elementor-element-5ac19b30 e-flex e-con-boxed e-con e-parent\" data-id=\"5ac19b30\" data-element_type=\"container\" data-e-type=\"container\" data-settings=\"{&quot;background_background&quot;:&quot;classic&quot;}\">\n\t\t\t\t\t<div class=\"e-con-inner\">\n\t\t<div class=\"elementor-element elementor-element-1ee925f9 e-con-full e-flex e-con e-child\" data-id=\"1ee925f9\" data-element_type=\"container\" data-e-type=\"container\">\n\t\t\t\t<div class=\"elementor-element elementor-element-681b17d1 elementor-widget elementor-widget-text-editor\" data-id=\"681b17d1\" data-element_type=\"widget\" data-e-type=\"widget\" data-widget_type=\"text-editor.default\">\n\t\t\t\t<div class=\"elementor-widget-container\">\n\t\t\t\t\t\t\t\t\t<p>Serveis<\/p>\n\t\t\t\t\t\t\t\t<\/div>\n\t\t\t\t<\/div>\n\t\t\t\t<div class=\"elementor-element elementor-element-4a0ba753 elementor-widget__width-initial elementor-widget elementor-widget-heading\" data-id=\"4a0ba753\" data-element_type=\"widget\" data-e-type=\"widget\" data-widget_type=\"heading.default\">\n\t\t\t\t<div class=\"elementor-widget-container\">\n\t\t\t\t\t<h1 class=\"elementor-heading-title elementor-size-default\">Si ets consumidor, tens una responsabilitat\ncompartida <\/h1>\t\t\t\t<\/div>\n\t\t\t\t<\/div>\n\t\t\t\t<\/div>\n\t\t\t\t\t<\/div>\n\t\t\t\t<\/div>\n\t\t<div class=\"elementor-element elementor-element-821416b elementor-hidden-desktop elementor-hidden-tablet e-flex e-con-boxed e-con e-parent\" data-id=\"821416b\" data-element_type=\"container\" data-e-type=\"container\" data-settings=\"{&quot;background_background&quot;:&quot;classic&quot;}\">\n\t\t\t\t\t<div class=\"e-con-inner\">\n\t\t\t\t<div class=\"elementor-element elementor-element-23b09735 elementor-hidden-desktop elementor-hidden-tablet elementor-widget elementor-widget-image\" data-id=\"23b09735\" data-element_type=\"widget\" data-e-type=\"widget\" data-widget_type=\"image.default\">\n\t\t\t\t<div class=\"elementor-widget-container\">\n\t\t\t\t\t\t\t\t\t\t\t\t\t\t\t<img fetchpriority=\"high\" decoding=\"async\" width=\"430\" height=\"320\" src=\"https:\/\/fundacion-ecotic.es\/wp-content\/uploads\/2023\/05\/Consumidores_cabezera_S.png\" class=\"attachment-large size-large wp-image-4376\" alt=\"\" srcset=\"https:\/\/fundacion-ecotic.es\/wp-content\/uploads\/2023\/05\/Consumidores_cabezera_S.png 430w, https:\/\/fundacion-ecotic.es\/wp-content\/uploads\/2023\/05\/Consumidores_cabezera_S-300x223.png 300w\" sizes=\"(max-width: 430px) 100vw, 430px\" \/>\t\t\t\t\t\t\t\t\t\t\t\t\t\t\t<\/div>\n\t\t\t\t<\/div>\n\t\t\t\t\t<\/div>\n\t\t\t\t<\/div>\n\t\t<div class=\"elementor-element elementor-element-65896b59 e-con-full e-flex e-con e-parent\" data-id=\"65896b59\" data-element_type=\"container\" data-e-type=\"container\" data-settings=\"{&quot;background_background&quot;:&quot;classic&quot;}\">\n\t\t<div class=\"elementor-element elementor-element-7e6026e2 e-con-full e-flex e-con e-child\" data-id=\"7e6026e2\" data-element_type=\"container\" data-e-type=\"container\">\n\t\t\t\t<div class=\"elementor-element elementor-element-18a1ba0a elementor-widget elementor-widget-heading\" data-id=\"18a1ba0a\" data-element_type=\"widget\" data-e-type=\"widget\" data-widget_type=\"heading.default\">\n\t\t\t\t<div class=\"elementor-widget-container\">\n\t\t\t\t\t<h2 class=\"elementor-heading-title elementor-size-default\">Junts pel futur del medi ambient<\/h2>\t\t\t\t<\/div>\n\t\t\t\t<\/div>\n\t\t\t\t<div class=\"elementor-element elementor-element-5b53923a elementor-widget elementor-widget-text-editor\" data-id=\"5b53923a\" data-element_type=\"widget\" data-e-type=\"widget\" data-widget_type=\"text-editor.default\">\n\t\t\t\t<div class=\"elementor-widget-container\">\n\t\t\t\t\t\t\t\t\t<p>Com a consumidors, hem de ser molt conscients de l&#8217;impacte que l&#8217;\u00fas generalitzat de la tecnologia t\u00e9 sobre el medi ambient, i de la import\u00e0ncia que els nostres petits gestos tenen per contribuir a mitigar-lo.<\/p>\n\t\t\t\t\t\t\t\t<\/div>\n\t\t\t\t<\/div>\n\t\t\t\t<\/div>\n\t\t<div class=\"elementor-element elementor-element-78dde57 e-con-full elementor-hidden-tablet elementor-hidden-mobile e-flex e-con e-child\" data-id=\"78dde57\" data-element_type=\"container\" data-e-type=\"container\" data-settings=\"{&quot;background_background&quot;:&quot;classic&quot;}\">\n\t\t\t\t<\/div>\n\t\t\t\t<\/div>\n\t\t<div class=\"elementor-element elementor-element-be2ce2a elementor-hidden-desktop elementor-hidden-tablet e-flex e-con-boxed e-con e-parent\" data-id=\"be2ce2a\" data-element_type=\"container\" data-e-type=\"container\">\n\t\t\t\t\t<div class=\"e-con-inner\">\n\t\t\t\t<div class=\"elementor-element elementor-element-595f8dd elementor-widget elementor-widget-image\" data-id=\"595f8dd\" data-element_type=\"widget\" data-e-type=\"widget\" data-widget_type=\"image.default\">\n\t\t\t\t<div class=\"elementor-widget-container\">\n\t\t\t\t\t\t\t\t\t\t\t\t\t\t\t<img decoding=\"async\" width=\"430\" height=\"341\" src=\"https:\/\/fundacion-ecotic.es\/wp-content\/uploads\/2023\/05\/consumidores_modulo_S.png\" class=\"attachment-large size-large wp-image-4378\" alt=\"\" srcset=\"https:\/\/fundacion-ecotic.es\/wp-content\/uploads\/2023\/05\/consumidores_modulo_S.png 430w, https:\/\/fundacion-ecotic.es\/wp-content\/uploads\/2023\/05\/consumidores_modulo_S-300x238.png 300w\" sizes=\"(max-width: 430px) 100vw, 430px\" \/>\t\t\t\t\t\t\t\t\t\t\t\t\t\t\t<\/div>\n\t\t\t\t<\/div>\n\t\t\t\t\t<\/div>\n\t\t\t\t<\/div>\n\t\t<div class=\"elementor-element elementor-element-a2639af elementor-hidden-desktop elementor-hidden-mobile e-flex e-con-boxed e-con e-parent\" data-id=\"a2639af\" data-element_type=\"container\" data-e-type=\"container\">\n\t\t\t\t\t<div class=\"e-con-inner\">\n\t\t\t\t<div class=\"elementor-element elementor-element-9d600a7 elementor-widget elementor-widget-image\" data-id=\"9d600a7\" data-element_type=\"widget\" data-e-type=\"widget\" data-widget_type=\"image.default\">\n\t\t\t\t<div class=\"elementor-widget-container\">\n\t\t\t\t\t\t\t\t\t\t\t\t\t\t\t<img decoding=\"async\" width=\"800\" height=\"400\" src=\"https:\/\/fundacion-ecotic.es\/wp-content\/uploads\/2023\/05\/consumidores.jpg\" class=\"attachment-large size-large wp-image-4384\" alt=\"\" srcset=\"https:\/\/fundacion-ecotic.es\/wp-content\/uploads\/2023\/05\/consumidores.jpg 1024w, https:\/\/fundacion-ecotic.es\/wp-content\/uploads\/2023\/05\/consumidores-300x150.jpg 300w, https:\/\/fundacion-ecotic.es\/wp-content\/uploads\/2023\/05\/consumidores-768x384.jpg 768w\" sizes=\"(max-width: 800px) 100vw, 800px\" \/>\t\t\t\t\t\t\t\t\t\t\t\t\t\t\t<\/div>\n\t\t\t\t<\/div>\n\t\t\t\t\t<\/div>\n\t\t\t\t<\/div>\n\t\t<div class=\"elementor-element elementor-element-d44b992 e-flex e-con-boxed e-con e-parent\" data-id=\"d44b992\" data-element_type=\"container\" data-e-type=\"container\" data-settings=\"{&quot;background_background&quot;:&quot;classic&quot;}\">\n\t\t\t\t\t<div class=\"e-con-inner\">\n\t\t\t\t<div class=\"elementor-element elementor-element-51a99ed elementor-widget elementor-widget-heading\" data-id=\"51a99ed\" data-element_type=\"widget\" data-e-type=\"widget\" data-widget_type=\"heading.default\">\n\t\t\t\t<div class=\"elementor-widget-container\">\n\t\t\t\t\t<h2 class=\"elementor-heading-title elementor-size-default\">Per qu\u00e8 reciclar els residus?<\/h2>\t\t\t\t<\/div>\n\t\t\t\t<\/div>\n\t\t\t\t<div class=\"elementor-element elementor-element-363086f elementor-widget elementor-widget-text-editor\" data-id=\"363086f\" data-element_type=\"widget\" data-e-type=\"widget\" data-widget_type=\"text-editor.default\">\n\t\t\t\t<div class=\"elementor-widget-container\">\n\t\t\t\t\t\t\t\t\t<p>\u00c9s fonamental que desenvolupem un \u00fas racional de la tecnologia i prioritzem la prevenci\u00f3 de la generaci\u00f3 de residus, mitjan\u00e7ant la reparaci\u00f3 i la reutilitzaci\u00f3 dels aparells a fi d&#8217;allargar la seva vida \u00fatil.<\/p>\n\t\t\t\t\t\t\t\t<\/div>\n\t\t\t\t<\/div>\n\t\t<div class=\"elementor-element elementor-element-5319916 e-flex e-con-boxed e-con e-child\" data-id=\"5319916\" data-element_type=\"container\" data-e-type=\"container\">\n\t\t\t\t\t<div class=\"e-con-inner\">\n\t\t<div class=\"elementor-element elementor-element-1f8b9cc e-flex e-con-boxed e-con e-child\" data-id=\"1f8b9cc\" data-element_type=\"container\" data-e-type=\"container\">\n\t\t\t\t\t<div class=\"e-con-inner\">\n\t\t\t\t<div class=\"elementor-element elementor-element-95abf64 elementor-widget elementor-widget-image\" data-id=\"95abf64\" data-element_type=\"widget\" data-e-type=\"widget\" data-widget_type=\"image.default\">\n\t\t\t\t<div class=\"elementor-widget-container\">\n\t\t\t\t\t\t\t\t\t\t\t\t\t\t\t<img loading=\"lazy\" decoding=\"async\" width=\"73\" height=\"86\" src=\"https:\/\/fundacion-ecotic.es\/wp-content\/uploads\/2023\/05\/arboles.svg\" class=\"attachment-large size-large wp-image-4379\" alt=\"\" \/>\t\t\t\t\t\t\t\t\t\t\t\t\t\t\t<\/div>\n\t\t\t\t<\/div>\n\t\t\t\t<div class=\"elementor-element elementor-element-86f7dfc elementor-widget elementor-widget-text-editor\" data-id=\"86f7dfc\" data-element_type=\"widget\" data-e-type=\"widget\" data-widget_type=\"text-editor.default\">\n\t\t\t\t<div class=\"elementor-widget-container\">\n\t\t\t\t\t\t\t\t\t<p>Redueixes residus i <br \/>contaminants<\/p>\n\t\t\t\t\t\t\t\t<\/div>\n\t\t\t\t<\/div>\n\t\t\t\t\t<\/div>\n\t\t\t\t<\/div>\n\t\t<div class=\"elementor-element elementor-element-a378340 e-flex e-con-boxed e-con e-child\" data-id=\"a378340\" data-element_type=\"container\" data-e-type=\"container\">\n\t\t\t\t\t<div class=\"e-con-inner\">\n\t\t\t\t<div class=\"elementor-element elementor-element-934e661 elementor-widget elementor-widget-image\" data-id=\"934e661\" data-element_type=\"widget\" data-e-type=\"widget\" data-widget_type=\"image.default\">\n\t\t\t\t<div class=\"elementor-widget-container\">\n\t\t\t\t\t\t\t\t\t\t\t\t\t\t\t<img loading=\"lazy\" decoding=\"async\" width=\"96\" height=\"90\" src=\"https:\/\/fundacion-ecotic.es\/wp-content\/uploads\/2023\/05\/CO2.svg\" class=\"attachment-large size-large wp-image-4324\" alt=\"\" \/>\t\t\t\t\t\t\t\t\t\t\t\t\t\t\t<\/div>\n\t\t\t\t<\/div>\n\t\t\t\t<div class=\"elementor-element elementor-element-54cc1cc elementor-widget elementor-widget-text-editor\" data-id=\"54cc1cc\" data-element_type=\"widget\" data-e-type=\"widget\" data-widget_type=\"text-editor.default\">\n\t\t\t\t<div class=\"elementor-widget-container\">\n\t\t\t\t\t\t\t\t\t<p>Redueixes emissions de<br \/>CO2<\/p>\n\t\t\t\t\t\t\t\t<\/div>\n\t\t\t\t<\/div>\n\t\t\t\t\t<\/div>\n\t\t\t\t<\/div>\n\t\t<div class=\"elementor-element elementor-element-ccaa805 e-flex e-con-boxed e-con e-child\" data-id=\"ccaa805\" data-element_type=\"container\" data-e-type=\"container\">\n\t\t\t\t\t<div class=\"e-con-inner\">\n\t\t\t\t<div class=\"elementor-element elementor-element-33df755 elementor-widget elementor-widget-image\" data-id=\"33df755\" data-element_type=\"widget\" data-e-type=\"widget\" data-widget_type=\"image.default\">\n\t\t\t\t<div class=\"elementor-widget-container\">\n\t\t\t\t\t\t\t\t\t\t\t\t\t\t\t<img loading=\"lazy\" decoding=\"async\" width=\"100\" height=\"87\" src=\"https:\/\/fundacion-ecotic.es\/wp-content\/uploads\/2023\/05\/reciclar.svg\" class=\"attachment-large size-large wp-image-4380\" alt=\"\" \/>\t\t\t\t\t\t\t\t\t\t\t\t\t\t\t<\/div>\n\t\t\t\t<\/div>\n\t\t\t\t<div class=\"elementor-element elementor-element-165c87d elementor-widget elementor-widget-text-editor\" data-id=\"165c87d\" data-element_type=\"widget\" data-e-type=\"widget\" data-widget_type=\"text-editor.default\">\n\t\t\t\t<div class=\"elementor-widget-container\">\n\t\t\t\t\t\t\t\t\t<p>Dones nous usos<br \/>als materials<\/p>\n\t\t\t\t\t\t\t\t<\/div>\n\t\t\t\t<\/div>\n\t\t\t\t\t<\/div>\n\t\t\t\t<\/div>\n\t\t\t\t\t<\/div>\n\t\t\t\t<\/div>\n\t\t\t\t\t<\/div>\n\t\t\t\t<\/div>\n\t\t<div class=\"elementor-element elementor-element-d249f00 e-flex e-con-boxed e-con e-parent\" data-id=\"d249f00\" data-element_type=\"container\" data-e-type=\"container\" data-settings=\"{&quot;background_background&quot;:&quot;classic&quot;}\">\n\t\t\t\t\t<div class=\"e-con-inner\">\n\t\t\t\t<div class=\"elementor-element elementor-element-26d7cc0 elementor-widget elementor-widget-heading\" data-id=\"26d7cc0\" data-element_type=\"widget\" data-e-type=\"widget\" data-widget_type=\"heading.default\">\n\t\t\t\t<div class=\"elementor-widget-container\">\n\t\t\t\t\t<h2 class=\"elementor-heading-title elementor-size-default\">On puc lliurar els meus residus?<\/h2>\t\t\t\t<\/div>\n\t\t\t\t<\/div>\n\t\t\t\t<div class=\"elementor-element elementor-element-7bc1151 elementor-widget elementor-widget-text-editor\" data-id=\"7bc1151\" data-element_type=\"widget\" data-e-type=\"widget\" data-widget_type=\"text-editor.default\">\n\t\t\t\t<div class=\"elementor-widget-container\">\n\t\t\t\t\t\t\t\t\t<p>Contribuir al reciclatge dels RAEE \u00e9s molt senzill, nom\u00e9s hem de lliurar-los als llocs adequats, de manera que assegurem que es dur\u00e0 a terme una gesti\u00f3 ambiental amb totes les garanties.<\/p>\n\t\t\t\t\t\t\t\t<\/div>\n\t\t\t\t<\/div>\n\t\t<div class=\"elementor-element elementor-element-d8a5990 e-flex e-con-boxed e-con e-child\" data-id=\"d8a5990\" data-element_type=\"container\" data-e-type=\"container\">\n\t\t\t\t\t<div class=\"e-con-inner\">\n\t\t<div class=\"elementor-element elementor-element-249f370 e-con-full e-flex e-con e-child\" data-id=\"249f370\" data-element_type=\"container\" data-e-type=\"container\">\n\t\t\t\t<div class=\"elementor-element elementor-element-95d576d elementor-widget elementor-widget-image\" data-id=\"95d576d\" data-element_type=\"widget\" data-e-type=\"widget\" data-widget_type=\"image.default\">\n\t\t\t\t<div class=\"elementor-widget-container\">\n\t\t\t\t\t\t\t\t\t\t\t\t\t\t\t<img loading=\"lazy\" decoding=\"async\" width=\"52\" height=\"77\" src=\"https:\/\/fundacion-ecotic.es\/wp-content\/uploads\/2023\/05\/icono_global.svg\" class=\"attachment-large size-large wp-image-4362\" alt=\"\" \/>\t\t\t\t\t\t\t\t\t\t\t\t\t\t\t<\/div>\n\t\t\t\t<\/div>\n\t\t\t\t<div class=\"elementor-element elementor-element-d6c6ecc elementor-widget elementor-widget-text-editor\" data-id=\"d6c6ecc\" data-element_type=\"widget\" data-e-type=\"widget\" data-widget_type=\"text-editor.default\">\n\t\t\t\t<div class=\"elementor-widget-container\">\n\t\t\t\t\t\t\t\t\t<p>Punts nets <br \/>fixos<\/p>\n\t\t\t\t\t\t\t\t<\/div>\n\t\t\t\t<\/div>\n\t\t\t\t<\/div>\n\t\t<div class=\"elementor-element elementor-element-e2ca5d4 e-con-full e-flex e-con e-child\" data-id=\"e2ca5d4\" data-element_type=\"container\" data-e-type=\"container\">\n\t\t\t\t<div class=\"elementor-element elementor-element-c894dff elementor-widget elementor-widget-image\" data-id=\"c894dff\" data-element_type=\"widget\" data-e-type=\"widget\" data-widget_type=\"image.default\">\n\t\t\t\t<div class=\"elementor-widget-container\">\n\t\t\t\t\t\t\t\t\t\t\t\t\t\t\t<img loading=\"lazy\" decoding=\"async\" width=\"114\" height=\"68\" src=\"https:\/\/fundacion-ecotic.es\/wp-content\/uploads\/2023\/05\/puntos-limpios-moviles.svg\" class=\"attachment-large size-large wp-image-4381\" alt=\"\" \/>\t\t\t\t\t\t\t\t\t\t\t\t\t\t\t<\/div>\n\t\t\t\t<\/div>\n\t\t\t\t<div class=\"elementor-element elementor-element-afb1370 elementor-widget elementor-widget-text-editor\" data-id=\"afb1370\" data-element_type=\"widget\" data-e-type=\"widget\" data-widget_type=\"text-editor.default\">\n\t\t\t\t<div class=\"elementor-widget-container\">\n\t\t\t\t\t\t\t\t\t<p>Punts nets <br \/>m\u00f2bils<\/p>\n\t\t\t\t\t\t\t\t<\/div>\n\t\t\t\t<\/div>\n\t\t\t\t<\/div>\n\t\t<div class=\"elementor-element elementor-element-bc00bbb e-con-full e-flex e-con e-child\" data-id=\"bc00bbb\" data-element_type=\"container\" data-e-type=\"container\">\n\t\t\t\t<div class=\"elementor-element elementor-element-ff3f119 elementor-widget elementor-widget-image\" data-id=\"ff3f119\" data-element_type=\"widget\" data-e-type=\"widget\" data-widget_type=\"image.default\">\n\t\t\t\t<div class=\"elementor-widget-container\">\n\t\t\t\t\t\t\t\t\t\t\t\t\t\t\t<img loading=\"lazy\" decoding=\"async\" width=\"88\" height=\"71\" src=\"https:\/\/fundacion-ecotic.es\/wp-content\/uploads\/2023\/05\/comercios.svg\" class=\"attachment-large size-large wp-image-4382\" alt=\"\" \/>\t\t\t\t\t\t\t\t\t\t\t\t\t\t\t<\/div>\n\t\t\t\t<\/div>\n\t\t\t\t<div class=\"elementor-element elementor-element-f15c570 elementor-widget elementor-widget-text-editor\" data-id=\"f15c570\" data-element_type=\"widget\" data-e-type=\"widget\" data-widget_type=\"text-editor.default\">\n\t\t\t\t<div class=\"elementor-widget-container\">\n\t\t\t\t\t\t\t\t\t<p>Comer\u00e7os de venda d&#8217;aparells<\/p>\n\t\t\t\t\t\t\t\t<\/div>\n\t\t\t\t<\/div>\n\t\t\t\t<\/div>\n\t\t<div class=\"elementor-element elementor-element-d99a9c3 e-con-full e-flex e-con e-child\" data-id=\"d99a9c3\" data-element_type=\"container\" data-e-type=\"container\">\n\t\t\t\t<div class=\"elementor-element elementor-element-8dfc517 elementor-widget elementor-widget-image\" data-id=\"8dfc517\" data-element_type=\"widget\" data-e-type=\"widget\" data-widget_type=\"image.default\">\n\t\t\t\t<div class=\"elementor-widget-container\">\n\t\t\t\t\t\t\t\t\t\t\t\t\t\t\t<img loading=\"lazy\" decoding=\"async\" width=\"93\" height=\"68\" src=\"https:\/\/fundacion-ecotic.es\/wp-content\/uploads\/2023\/05\/servicios.svg\" class=\"attachment-large size-large wp-image-4383\" alt=\"\" \/>\t\t\t\t\t\t\t\t\t\t\t\t\t\t\t<\/div>\n\t\t\t\t<\/div>\n\t\t\t\t<div class=\"elementor-element elementor-element-7ab4205 elementor-widget elementor-widget-text-editor\" data-id=\"7ab4205\" data-element_type=\"widget\" data-e-type=\"widget\" data-widget_type=\"text-editor.default\">\n\t\t\t\t<div class=\"elementor-widget-container\">\n\t\t\t\t\t\t\t\t\t<p>Serveis de repartiment de venda en l\u00ednia<\/p>\n\t\t\t\t\t\t\t\t<\/div>\n\t\t\t\t<\/div>\n\t\t\t\t<\/div>\n\t\t\t\t\t<\/div>\n\t\t\t\t<\/div>\n\t\t\t\t\t<\/div>\n\t\t\t\t<\/div>\n\t\t<div class=\"elementor-element elementor-element-37b3badf e-flex e-con-boxed e-con e-parent\" data-id=\"37b3badf\" data-element_type=\"container\" data-e-type=\"container\" id=\"top-map\" data-settings=\"{&quot;background_background&quot;:&quot;classic&quot;}\">\n\t\t\t\t\t<div class=\"e-con-inner\">\n\t\t\t\t<div class=\"elementor-element elementor-element-ad20217 elementor-widget elementor-widget-heading\" data-id=\"ad20217\" data-element_type=\"widget\" data-e-type=\"widget\" data-widget_type=\"heading.default\">\n\t\t\t\t<div class=\"elementor-widget-container\">\n\t\t\t\t\t<h2 class=\"elementor-heading-title elementor-size-default\">Punts de recollida<\/h2>\t\t\t\t<\/div>\n\t\t\t\t<\/div>\n\t\t\t\t<div class=\"elementor-element elementor-element-bc06b6a elementor-widget elementor-widget-text-editor\" data-id=\"bc06b6a\" data-element_type=\"widget\" data-e-type=\"widget\" data-widget_type=\"text-editor.default\">\n\t\t\t\t<div class=\"elementor-widget-container\">\n\t\t\t\t\t\t\t\t\t<p>Des d\u2019ECOTIC posem a la teva disposici\u00f3 una xarxa de punts de recollida on pots lliurar els teus residus de forma totalment gratu\u00efta:<\/p>\n\t\t\t\t\t\t\t\t<\/div>\n\t\t\t\t<\/div>\n\t\t\t\t<div class=\"elementor-element elementor-element-16150247 elementor-widget elementor-widget-html\" data-id=\"16150247\" data-element_type=\"widget\" data-e-type=\"widget\" data-widget_type=\"html.default\">\n\t\t\t\t<div class=\"elementor-widget-container\">\n\t\t\t\t\t<link rel=\"stylesheet\" href=\"https:\/\/cdn.jsdelivr.net\/npm\/bootstrap@3.3.7\/dist\/css\/bootstrap.min.css\" integrity=\"sha384-BVYiiSIFeK1dGmJRAkycuHAHRg32OmUcww7on3RYdg4Va+PmSTsz\/K68vbdEjh4u\" crossorigin=\"anonymous\"><script src=\"https:\/\/code.jquery.com\/jquery-3.5.1.min.js\"><\/script><script src=\"https:\/\/fundacion-ecotic.es\/wp-content\/buscador\/app.js\"><\/script><script async defer src=\"https:\/\/maps.googleapis.com\/maps\/api\/js?key=AIzaSyCq-gH5oGoJIEmxqIXUxjqVPBwOROaC_Iw\">\/\/ &callback=initMap\"><\/script><style>html {\n        scroll-behavior: smooth\n    }\n\n    .hide{\n        display:none;\n    }\n    .show{\n        display:block;\n    }\n    .container {\n        width: 100% !important;\n        padding: 0 !important;\n    }\n\n    select {\n        -webkit-appearance: none;\n        -moz-appearance: none;\n        text-indent: 1px;\n        text-overflow: '';\n    }\n\n    .main {\n        max-width: 1250px;\n        margin: auto;\n    }\n\n    @media only screen and (max-width: 600px) {\n        .main {\n            max-width: 100% !important;\n            width: 100% !important;\n        }\n    }\n\n    .button-como-llegar {\n        align-self: flex-end;\n        padding-bottom: 10px;\n    }\n\n    .select-wrapper {\n        border-radius: 90px !important;\n        font-size: 16px !important;\n        line-height: 22px;\n        color: #005195 !important;\n        margin-bottom: 15px !important;\n        position: relative;\n        background: #fff;\n        z-index: 1;\n    }\n\n    .select-wrapper::after {\n        content: \"\u25bc\";\n        font-size: 12px;\n        top: 11px;\n        right: 20px;\n        position: absolute;\n        z-index: -1;\n    }\n\n    .select-wrapper-direcciones {\n        border-radius: 90px !important;\n        font-size: 16px !important;\n        line-height: 22px;\n        margin-bottom: 15px !important;\n        position: relative;\n        background: #fff;\n        z-index: 1;\n        padding: 11px 30px;\n        background-color: #005195;\n        color: #fff;\n    }\n\n    .select-wrapper-direcciones::after {\n        content: \"\u25bc\";\n        font-size: 12px;\n        top: 11px;\n        right: 20px;\n        position: absolute;\n        z-index: -1;\n    }\n\n    .select2 {\n        padding: 11px 30px !important;\n        border-radius: 90px !important;\n        font-size: 16px !important;\n        line-height: 22px;\n        color: #005195 !important;\n        width: 100%;\n\n    }\n\n    .select2 option {\n        padding: 25px !important;\n    }\n\n    select:focus-visible {\n        border-color: #005195 !important;\n        outline: #005195;\n        background-color: transparent;\n    }\n\n    select {\n        background-color: transparent;\n    }\n\n\n    #map {\n        height: 500px\n    }\n\n\n\n\n    .map-wrapper h3 {\n        color: white;\n        text-transform: uppercase\n    }\n\n    .wrapper-left .mipuntolimpiomascercano {\n        padding: 3px 0;\n        height: 63.8px;\n        color: white;\n    }\n\n    .wrapper-left {\n        display: -webkit-box;\n        display: -ms-flexbox;\n        display: flex;\n        -webkit-box-orient: vertical;\n        -webkit-box-direction: normal;\n        -ms-flex-direction: column;\n        flex-direction: column\n    }\n\n    .wrapper-left .mipuntolimpiomascercano {\n        width: 100%;\n        background-color: #005195;\n        padding: 10px 0;\n        text-align: center;\n        cursor: pointer;\n        display: none;\n        color: #fff;\n        font-size: 16px;\n        height: 47.5px;\n    }\n\n    .wrapper-left .mipuntolimpiomascercano img {\n        padding: 0 10px\n    }\n\n    .wrapper-left .mipuntolimpiomascercano.visible {\n        display: -webkit-box;\n        display: -ms-flexbox;\n        display: flex;\n        -webkit-box-orient: horizontal;\n        -webkit-box-direction: normal;\n        -ms-flex-direction: row;\n        flex-direction: row;\n        -webkit-box-pack: center;\n        -ms-flex-pack: center;\n        justify-content: center;\n        -webkit-box-align: center;\n        -ms-flex-align: center;\n        align-items: center;\n        height: 57px;\n    }\n\n    .wrapper-left .infopuntolimpio {\n        -webkit-box-orient: horizontal;\n        -webkit-box-direction: normal;\n        -ms-flex-direction: row;\n        flex-direction: row;\n        -webkit-box-pack: justify;\n        -ms-flex-pack: justify;\n        justify-content: space-between;\n        display: none\n    }\n\n    .wrapper-left .infopuntolimpio.visible {\n        display: -webkit-box;\n        display: -ms-flexbox;\n        display: flex\n    }\n\n    @media only screen and (max-width: 600px) {\n        .wrapper-left .infopuntolimpio.visible {\n            display: block\n        }\n    }\n\n    .wrapper-left .infopuntolimpio .info {\n        background-color: white;\n        width: 100%;\n        padding: 10px\n    }\n\n    .wrapper-left .infopuntolimpio .info .nombre {\n        \/* font-weight: bold *\/\n        font-weight: 300;\n        padding-bottom: 3px;\n        font-size: 14px;\n        line-height: 14px;\n    }\n\n    .wrapper-left .infopuntolimpio .info.eci .nombre {\n        color: #3A8146;\n        font-weight: 300;\n        font-size: 14px;\n        line-height: 14px;\n    }\n\n    .wrapper-left .infopuntolimpio .info .direccion {\n        color: #2E2F30;\n        display: flex;\n        gap: 10px;\n        font-weight: 300;\n        font-size: 14px;\n        line-height: 20px;\n    }\n\n    .wrapper-left .listado .punto .direccion .icono-direccion {\n        margin-right: 10px;\n        max-width: 16px !important;\n    }\n\n    .wrapper-left .infopuntolimpio .comollegar {\n        background-color: #fff;\n        cursor: pointer;\n        display: -webkit-box;\n        display: -ms-flexbox;\n        display: flex;\n        -webkit-box-orient: horizontal;\n        -webkit-box-direction: normal;\n        -ms-flex-direction: row;\n        flex-direction: row;\n        -webkit-box-pack: center;\n        -ms-flex-pack: center;\n        justify-content: center;\n        -webkit-box-align: center;\n        -ms-flex-align: center;\n        align-items: center;\n        padding: 0 10px\n    }\n\n    .wrapper-left .infopuntolimpio .comollegar .title {\n        text-align: center;\n        font-size: 16px;\n        color: white;\n        white-space: nowrap;\n        padding-left: 10px;\n        text-transform: uppercase\n    }\n\n    .wrapper-right {\n        display: -webkit-box;\n        display: -ms-flexbox;\n        display: flex;\n        -webkit-box-orient: vertical;\n        -webkit-box-direction: normal;\n        -ms-flex-direction: column;\n        flex-direction: column;\n        -webkit-box-pack: start;\n        -ms-flex-pack: start;\n        justify-content: flex-start;\n        height: 100%;\n        max-height: 557px;\n    }\n\n    @media only screen and (max-width: 975px) {\n        .wrapper-right {\n            \/* padding: 0 20px; *\/\n            padding-top: 50px;\n            max-height: 650px;\n        }\n    }\n\n    .wrapper-right .controls {\n        display: -webkit-box;\n        display: -ms-flexbox;\n        display: flex;\n        -webkit-box-orient: vertical;\n        -webkit-box-direction: normal;\n        -ms-flex-direction: column;\n        flex-direction: column;\n        -ms-flex-negative: 0;\n        flex-shrink: 0\n    }\n\n    @media only screen and (max-width: 480px) {\n        .wrapper-right .controls {\n            padding: 0 0px;\n        }\n    }\n\n\n    .wrapper-right .header-listado {\n        background-color: #fff;\n        padding: 15px 30px;\n        margin-bottom: 8px;\n        -ms-flex-negative: 0;\n        flex-shrink: 0;\n        background-color: #005195;\n        border-radius: 90px;\n        line-height: 22px;\n    }\n\n    @media only screen and (max-width: 480px) {\n        .wrapper-right .header-listado {\n            margin: 0 0px 10px;\n        }\n    }\n\n    .wrapper-right .header-listado h4 {\n        padding: 0;\n        margin: 0;\n        color: #fff;\n        font-size: 16px;\n    }\n\n    .wrapper-right .listado {\n        -webkit-box-flex: 2;\n        -ms-flex: 2;\n        flex: 2;\n        overflow-y: auto;\n    }\n\n    @media only screen and (max-width: 480px) {\n        .wrapper-right .listado {\n            padding: 0px 0px;\n        }\n    }\n\n    .wrapper-right .listado .punto {\n        display: block;\n        background-color: white;\n        padding: 10px 27px;\n        ;\n        margin-bottom: 5px;\n        font-size: 12px;\n        cursor: pointer;\n        font-size: 12px;\n        font-weight: 300;\n        line-height: 14px;\n        ;\n    }\n\n    .wrapper-right .listado .punto:hover {\n        background-color: #efefef\n    }\n\n    .wrapper-right .listado .punto .nombre {\n        \/* font-weight: bold *\/\n    }\n\n    .wrapper-right .listado .punto.eci .nombre {\n        color: #3A8146\n    }\n\n    .wrapper-right .listado .punto .direccion {\n        color: #2E2F30;\n        display: flex;\n    }\n\n\n    .mobile {\n        display: none !important\n    }\n\n    @media only screen and (max-width: 480px) {\n        .mobile {\n            display: block !important\n        }\n\n        .notmobile {\n            display: none !important\n        }\n    }\n\n\n\n\n    \/* CARGA DE DATOS *\/\n    .loader {\n        position: absolute;\n        background-color: #CBFFA7;\n        width: 100%;\n        height: 100%;\n        top: 0;\n        display: flex;\n    }\n\n    .lds-ellipsis {\n        display: inline-block;\n        position: relative;\n        width: 80px;\n        height: 80px;\n        margin: auto;\n    }\n\n    .lds-ellipsis div {\n        position: absolute;\n        top: 33px;\n        width: 13px;\n        height: 13px;\n        border-radius: 50%;\n        background: #fff;\n        animation-timing-function: cubic-bezier(0, 1, 1, 0);\n    }\n\n    .lds-ellipsis div:nth-child(1) {\n        left: 8px;\n        animation: lds-ellipsis1 0.6s infinite;\n    }\n\n    .lds-ellipsis div:nth-child(2) {\n        left: 8px;\n        animation: lds-ellipsis2 0.6s infinite;\n    }\n\n    .lds-ellipsis div:nth-child(3) {\n        left: 32px;\n        animation: lds-ellipsis2 0.6s infinite;\n    }\n\n    .lds-ellipsis div:nth-child(4) {\n        left: 56px;\n        animation: lds-ellipsis3 0.6s infinite;\n    }\n\n    @keyframes lds-ellipsis1 {\n        0% {\n            transform: scale(0);\n        }\n\n        100% {\n            transform: scale(1);\n        }\n    }\n\n    @keyframes lds-ellipsis3 {\n        0% {\n            transform: scale(1);\n        }\n\n        100% {\n            transform: scale(0);\n        }\n    }\n\n    @keyframes lds-ellipsis2 {\n        0% {\n            transform: translate(0, 0);\n        }\n\n        100% {\n            transform: translate(24px, 0);\n        }\n    }\n\n    .lds-roller {\n        display: inline-block;\n        position: relative;\n        width: 80px;\n        height: 80px;\n        margin: 25px;\n    }\n\n    .lds-roller div {\n        animation: lds-roller 1.2s cubic-bezier(0.5, 0, 0.5, 1) infinite;\n        transform-origin: 40px 40px;\n    }\n\n    .lds-roller div:after {\n        content: \" \";\n        display: block;\n        position: absolute;\n        width: 7px;\n        height: 7px;\n        border-radius: 50%;\n        background: #005195;\n        margin: -4px 0 0 -4px;\n    }\n\n    .lds-roller div:nth-child(1) {\n        animation-delay: -0.036s;\n    }\n\n    .lds-roller div:nth-child(1):after {\n        top: 63px;\n        left: 63px;\n    }\n\n    .lds-roller div:nth-child(2) {\n        animation-delay: -0.072s;\n    }\n\n    .lds-roller div:nth-child(2):after {\n        top: 68px;\n        left: 56px;\n    }\n\n    .lds-roller div:nth-child(3) {\n        animation-delay: -0.108s;\n    }\n\n    .lds-roller div:nth-child(3):after {\n        top: 71px;\n        left: 48px;\n    }\n\n    .lds-roller div:nth-child(4) {\n        animation-delay: -0.144s;\n    }\n\n    .lds-roller div:nth-child(4):after {\n        top: 72px;\n        left: 40px;\n    }\n\n    .lds-roller div:nth-child(5) {\n        animation-delay: -0.18s;\n    }\n\n    .lds-roller div:nth-child(5):after {\n        top: 71px;\n        left: 32px;\n    }\n\n    .lds-roller div:nth-child(6) {\n        animation-delay: -0.216s;\n    }\n\n    .lds-roller div:nth-child(6):after {\n        top: 68px;\n        left: 24px;\n    }\n\n    .lds-roller div:nth-child(7) {\n        animation-delay: -0.252s;\n    }\n\n    .lds-roller div:nth-child(7):after {\n        top: 63px;\n        left: 17px;\n    }\n\n    .lds-roller div:nth-child(8) {\n        animation-delay: -0.288s;\n    }\n\n    .lds-roller div:nth-child(8):after {\n        top: 56px;\n        left: 12px;\n    }\n\n    @keyframes lds-roller {\n        0% {\n            transform: rotate(0deg);\n        }\n\n        100% {\n            transform: rotate(360deg);\n        }\n    }\n\n\n    .loader {\n        color: #005195;\n    }\n<\/style><div class=\"\" style=\"background:#CBFFA7\"><div class=\"container main\"><div class=\"row\" style=\"padding: 0;\"><div class=\"col-lg-7 col-xl-7 col-md-7 col-sm-12\"><div class=\"wrapper-left\" id=\"top-map\"><div id=\"map\"><\/div><div class=\"mipuntolimpiomascercano visible\"><img decoding=\"async\" style=\"max-width: 40px; height: 20px;\" src=\"https:\/\/punto-limpio.info\/wp-content\/buscador\/assets\/images\/near_me.png\" alt=\"Near me\" \/><p style=\"padding-top: 7px;\">Mi Punto Limpio m\u00e1s cercano<\/p><\/div><div class=\"infopuntolimpio\"><div class=\"info\"><div class=\"nombre\">Nombre del punto limpio\n                            <\/div><div class=\"direccion\">Direcci\u00f3n\n                            <\/div><\/div><div class=\"comollegar\"><img decoding=\"async\" style=\"max-width:150px;\" src=\"https:\/\/punto-limpio.info\/wp-content\/buscador\/assets\/images\/boton-como-llegar.svg\" alt=\"Fletxa\" class=\"button-como-llegar\" \/><\/div><\/div><\/div><div class=\"loader\"><div class=\"info-loading\" style=\"margin:auto;\"><div class=\"lds-roller\"><div><\/div><div><\/div><div><\/div><div><\/div><\/div><\/div><\/div><\/div><div class=\"col-lg-5 col-xl-5 col-md-5 col-sm-12\"><div class=\"wrapper-right\"><div class=\"controls\"><div class=\"select-wrapper\"><select name=\"comunitats\" id=\"comunitats\" class=\"select2\"><\/select><\/div><div class=\"select-wrapper\"><select name=\"provincies\" id=\"provincies\" disabled class=\"select2\"><option value=\"None\">Selecciona una provincia<\/option><\/select><\/div><div class=\"select-wrapper\"><select name=\"municipis\" id=\"municipis\" disabled class=\"select2\"><option value=\"None\">Selecciona una localidad<\/option><\/select><\/div><\/div><div class=\"select-wrapper-direcciones \" id=\"buton-direcciones\">Direcciones\n                        <\/div><div class=\"listado scrollbar-light scroll-content hide\" id=\"listado-direcciones\"><div class=\"previa-geolocalizacion\" style=\"height: 100%; display: flex; flex-direction: column; align-items: center;\"><div class=\"mipuntolimpiomascercano visible\" style=\"display:flex; flex-direction: column; align-items: center; color: #FFF; background-color: #005195; width: 100%; height: 100%; justify-content: center;\"><img decoding=\"async\" style=\"max-width: 40px; height: 20px;\" src=\"https:\/\/punto-limpio.info\/wp-content\/buscador\/assets\/images\/near_me.png\" alt=\"Near me\"><p style=\"padding-top: 7px;\">Geolocalizaci\u00f3n no disponible.<\/p><\/div><\/div><\/div><\/div><div class=\"loader\"><div class=\"info-loading\" style=\"margin:auto;\"><div class=\"lds-roller\"><div><\/div><div><\/div><div><\/div><div><\/div><\/div><\/div><\/div><\/div><\/div><\/div><\/div>\t\t\t\t<\/div>\n\t\t\t\t<\/div>\n\t\t\t\t\t<\/div>\n\t\t\t\t<\/div>\n\t\t\t\t<\/div>\n\t\t","protected":false},"excerpt":{"rendered":"<p>Serveis Si ets consumidor, tens una responsabilitat compartida Junts pel futur del medi ambient Com a consumidors, hem de ser molt conscients de l&#8217;impacte que l&#8217;\u00fas generalitzat de la tecnologia t\u00e9 sobre el medi ambient, i de la import\u00e0ncia que els nostres petits gestos tenen per contribuir a mitigar-lo. Per qu\u00e8 reciclar els residus? \u00c9s [&hellip;]<\/p>\n","protected":false},"author":2,"featured_media":0,"parent":0,"menu_order":0,"comment_status":"closed","ping_status":"closed","template":"","meta":{"footnotes":""},"class_list":["post-4374","page","type-page","status-publish","hentry"],"yoast_head":"<!-- This site is optimized with the Yoast SEO plugin v27.4 - https:\/\/yoast.com\/product\/yoast-seo-wordpress\/ -->\n<title>Serveis - Consumidors - Ecotic<\/title>\n<meta name=\"description\" content=\"Serveis \u2013 consumidors. Posem a la teva disposici\u00f3 una xarxa de punts de recollida on pots lliurar els teus residus de manera gratu\u00efta.\" \/>\n<meta name=\"robots\" content=\"index, follow, max-snippet:-1, max-image-preview:large, max-video-preview:-1\" \/>\n<link rel=\"canonical\" href=\"https:\/\/fundacion-ecotic.es\/ca\/serveis-consumidors\/\" \/>\n<meta property=\"og:locale\" content=\"ca_ES\" \/>\n<meta property=\"og:type\" content=\"article\" \/>\n<meta property=\"og:title\" content=\"Serveis - Consumidors - Ecotic\" \/>\n<meta property=\"og:description\" content=\"Serveis \u2013 consumidors. Posem a la teva disposici\u00f3 una xarxa de punts de recollida on pots lliurar els teus residus de manera gratu\u00efta.\" \/>\n<meta property=\"og:url\" content=\"https:\/\/fundacion-ecotic.es\/ca\/serveis-consumidors\/\" \/>\n<meta property=\"og:site_name\" content=\"Ecotic\" \/>\n<meta property=\"article:modified_time\" content=\"2024-06-13T20:19:59+00:00\" \/>\n<meta property=\"og:image\" content=\"https:\/\/fundacion-ecotic.es\/wp-content\/uploads\/2023\/05\/Consumidores_cabezera_S.png\" \/>\n<meta name=\"twitter:card\" content=\"summary_large_image\" \/>\n<meta name=\"twitter:label1\" content=\"Temps estimat de lectura\" \/>\n\t<meta name=\"twitter:data1\" content=\"1 minut\" \/>\n<script type=\"application\/ld+json\" class=\"yoast-schema-graph\">{\"@context\":\"https:\\\/\\\/schema.org\",\"@graph\":[{\"@type\":\"WebPage\",\"@id\":\"https:\\\/\\\/fundacion-ecotic.es\\\/ca\\\/serveis-consumidors\\\/\",\"url\":\"https:\\\/\\\/fundacion-ecotic.es\\\/ca\\\/serveis-consumidors\\\/\",\"name\":\"Serveis - Consumidors - Ecotic\",\"isPartOf\":{\"@id\":\"https:\\\/\\\/fundacion-ecotic.es\\\/ca\\\/#website\"},\"primaryImageOfPage\":{\"@id\":\"https:\\\/\\\/fundacion-ecotic.es\\\/ca\\\/serveis-consumidors\\\/#primaryimage\"},\"image\":{\"@id\":\"https:\\\/\\\/fundacion-ecotic.es\\\/ca\\\/serveis-consumidors\\\/#primaryimage\"},\"thumbnailUrl\":\"https:\\\/\\\/fundacion-ecotic.es\\\/wp-content\\\/uploads\\\/2023\\\/05\\\/Consumidores_cabezera_S.png\",\"datePublished\":\"2023-05-10T20:42:00+00:00\",\"dateModified\":\"2024-06-13T20:19:59+00:00\",\"description\":\"Serveis \u2013 consumidors. Posem a la teva disposici\u00f3 una xarxa de punts de recollida on pots lliurar els teus residus de manera gratu\u00efta.\",\"breadcrumb\":{\"@id\":\"https:\\\/\\\/fundacion-ecotic.es\\\/ca\\\/serveis-consumidors\\\/#breadcrumb\"},\"inLanguage\":\"ca\",\"potentialAction\":[{\"@type\":\"ReadAction\",\"target\":[\"https:\\\/\\\/fundacion-ecotic.es\\\/ca\\\/serveis-consumidors\\\/\"]}]},{\"@type\":\"ImageObject\",\"inLanguage\":\"ca\",\"@id\":\"https:\\\/\\\/fundacion-ecotic.es\\\/ca\\\/serveis-consumidors\\\/#primaryimage\",\"url\":\"https:\\\/\\\/fundacion-ecotic.es\\\/wp-content\\\/uploads\\\/2023\\\/05\\\/Consumidores_cabezera_S.png\",\"contentUrl\":\"https:\\\/\\\/fundacion-ecotic.es\\\/wp-content\\\/uploads\\\/2023\\\/05\\\/Consumidores_cabezera_S.png\"},{\"@type\":\"BreadcrumbList\",\"@id\":\"https:\\\/\\\/fundacion-ecotic.es\\\/ca\\\/serveis-consumidors\\\/#breadcrumb\",\"itemListElement\":[{\"@type\":\"ListItem\",\"position\":1,\"name\":\"Portada\",\"item\":\"https:\\\/\\\/fundacion-ecotic.es\\\/ca\\\/\"},{\"@type\":\"ListItem\",\"position\":2,\"name\":\"Serveis &#8211; Consumidors\"}]},{\"@type\":\"WebSite\",\"@id\":\"https:\\\/\\\/fundacion-ecotic.es\\\/ca\\\/#website\",\"url\":\"https:\\\/\\\/fundacion-ecotic.es\\\/ca\\\/\",\"name\":\"Ecotic\",\"description\":\"Ecotic\",\"publisher\":{\"@id\":\"https:\\\/\\\/fundacion-ecotic.es\\\/ca\\\/#organization\"},\"potentialAction\":[{\"@type\":\"SearchAction\",\"target\":{\"@type\":\"EntryPoint\",\"urlTemplate\":\"https:\\\/\\\/fundacion-ecotic.es\\\/ca\\\/?s={search_term_string}\"},\"query-input\":{\"@type\":\"PropertyValueSpecification\",\"valueRequired\":true,\"valueName\":\"search_term_string\"}}],\"inLanguage\":\"ca\"},{\"@type\":\"Organization\",\"@id\":\"https:\\\/\\\/fundacion-ecotic.es\\\/ca\\\/#organization\",\"name\":\"Ecotic\",\"url\":\"https:\\\/\\\/fundacion-ecotic.es\\\/ca\\\/\",\"logo\":{\"@type\":\"ImageObject\",\"inLanguage\":\"ca\",\"@id\":\"https:\\\/\\\/fundacion-ecotic.es\\\/ca\\\/#\\\/schema\\\/logo\\\/image\\\/\",\"url\":\"https:\\\/\\\/fundacion-ecotic.es\\\/wp-content\\\/uploads\\\/2024\\\/04\\\/logo-ecotic-fundacion.png\",\"contentUrl\":\"https:\\\/\\\/fundacion-ecotic.es\\\/wp-content\\\/uploads\\\/2024\\\/04\\\/logo-ecotic-fundacion.png\",\"width\":102,\"height\":39,\"caption\":\"Ecotic\"},\"image\":{\"@id\":\"https:\\\/\\\/fundacion-ecotic.es\\\/ca\\\/#\\\/schema\\\/logo\\\/image\\\/\"}}]}<\/script>\n<!-- \/ Yoast SEO plugin. -->","yoast_head_json":{"title":"Serveis - Consumidors - Ecotic","description":"Serveis \u2013 consumidors. Posem a la teva disposici\u00f3 una xarxa de punts de recollida on pots lliurar els teus residus de manera gratu\u00efta.","robots":{"index":"index","follow":"follow","max-snippet":"max-snippet:-1","max-image-preview":"max-image-preview:large","max-video-preview":"max-video-preview:-1"},"canonical":"https:\/\/fundacion-ecotic.es\/ca\/serveis-consumidors\/","og_locale":"ca_ES","og_type":"article","og_title":"Serveis - Consumidors - Ecotic","og_description":"Serveis \u2013 consumidors. Posem a la teva disposici\u00f3 una xarxa de punts de recollida on pots lliurar els teus residus de manera gratu\u00efta.","og_url":"https:\/\/fundacion-ecotic.es\/ca\/serveis-consumidors\/","og_site_name":"Ecotic","article_modified_time":"2024-06-13T20:19:59+00:00","og_image":[{"url":"https:\/\/fundacion-ecotic.es\/wp-content\/uploads\/2023\/05\/Consumidores_cabezera_S.png","type":"","width":"","height":""}],"twitter_card":"summary_large_image","twitter_misc":{"Temps estimat de lectura":"1 minut"},"schema":{"@context":"https:\/\/schema.org","@graph":[{"@type":"WebPage","@id":"https:\/\/fundacion-ecotic.es\/ca\/serveis-consumidors\/","url":"https:\/\/fundacion-ecotic.es\/ca\/serveis-consumidors\/","name":"Serveis - Consumidors - Ecotic","isPartOf":{"@id":"https:\/\/fundacion-ecotic.es\/ca\/#website"},"primaryImageOfPage":{"@id":"https:\/\/fundacion-ecotic.es\/ca\/serveis-consumidors\/#primaryimage"},"image":{"@id":"https:\/\/fundacion-ecotic.es\/ca\/serveis-consumidors\/#primaryimage"},"thumbnailUrl":"https:\/\/fundacion-ecotic.es\/wp-content\/uploads\/2023\/05\/Consumidores_cabezera_S.png","datePublished":"2023-05-10T20:42:00+00:00","dateModified":"2024-06-13T20:19:59+00:00","description":"Serveis \u2013 consumidors. Posem a la teva disposici\u00f3 una xarxa de punts de recollida on pots lliurar els teus residus de manera gratu\u00efta.","breadcrumb":{"@id":"https:\/\/fundacion-ecotic.es\/ca\/serveis-consumidors\/#breadcrumb"},"inLanguage":"ca","potentialAction":[{"@type":"ReadAction","target":["https:\/\/fundacion-ecotic.es\/ca\/serveis-consumidors\/"]}]},{"@type":"ImageObject","inLanguage":"ca","@id":"https:\/\/fundacion-ecotic.es\/ca\/serveis-consumidors\/#primaryimage","url":"https:\/\/fundacion-ecotic.es\/wp-content\/uploads\/2023\/05\/Consumidores_cabezera_S.png","contentUrl":"https:\/\/fundacion-ecotic.es\/wp-content\/uploads\/2023\/05\/Consumidores_cabezera_S.png"},{"@type":"BreadcrumbList","@id":"https:\/\/fundacion-ecotic.es\/ca\/serveis-consumidors\/#breadcrumb","itemListElement":[{"@type":"ListItem","position":1,"name":"Portada","item":"https:\/\/fundacion-ecotic.es\/ca\/"},{"@type":"ListItem","position":2,"name":"Serveis &#8211; Consumidors"}]},{"@type":"WebSite","@id":"https:\/\/fundacion-ecotic.es\/ca\/#website","url":"https:\/\/fundacion-ecotic.es\/ca\/","name":"Ecotic","description":"Ecotic","publisher":{"@id":"https:\/\/fundacion-ecotic.es\/ca\/#organization"},"potentialAction":[{"@type":"SearchAction","target":{"@type":"EntryPoint","urlTemplate":"https:\/\/fundacion-ecotic.es\/ca\/?s={search_term_string}"},"query-input":{"@type":"PropertyValueSpecification","valueRequired":true,"valueName":"search_term_string"}}],"inLanguage":"ca"},{"@type":"Organization","@id":"https:\/\/fundacion-ecotic.es\/ca\/#organization","name":"Ecotic","url":"https:\/\/fundacion-ecotic.es\/ca\/","logo":{"@type":"ImageObject","inLanguage":"ca","@id":"https:\/\/fundacion-ecotic.es\/ca\/#\/schema\/logo\/image\/","url":"https:\/\/fundacion-ecotic.es\/wp-content\/uploads\/2024\/04\/logo-ecotic-fundacion.png","contentUrl":"https:\/\/fundacion-ecotic.es\/wp-content\/uploads\/2024\/04\/logo-ecotic-fundacion.png","width":102,"height":39,"caption":"Ecotic"},"image":{"@id":"https:\/\/fundacion-ecotic.es\/ca\/#\/schema\/logo\/image\/"}}]}},"_links":{"self":[{"href":"https:\/\/fundacion-ecotic.es\/ca\/wp-json\/wp\/v2\/pages\/4374","targetHints":{"allow":["GET"]}}],"collection":[{"href":"https:\/\/fundacion-ecotic.es\/ca\/wp-json\/wp\/v2\/pages"}],"about":[{"href":"https:\/\/fundacion-ecotic.es\/ca\/wp-json\/wp\/v2\/types\/page"}],"author":[{"embeddable":true,"href":"https:\/\/fundacion-ecotic.es\/ca\/wp-json\/wp\/v2\/users\/2"}],"replies":[{"embeddable":true,"href":"https:\/\/fundacion-ecotic.es\/ca\/wp-json\/wp\/v2\/comments?post=4374"}],"version-history":[{"count":1,"href":"https:\/\/fundacion-ecotic.es\/ca\/wp-json\/wp\/v2\/pages\/4374\/revisions"}],"predecessor-version":[{"id":4386,"href":"https:\/\/fundacion-ecotic.es\/ca\/wp-json\/wp\/v2\/pages\/4374\/revisions\/4386"}],"wp:attachment":[{"href":"https:\/\/fundacion-ecotic.es\/ca\/wp-json\/wp\/v2\/media?parent=4374"}],"curies":[{"name":"wp","href":"https:\/\/api.w.org\/{rel}","templated":true}]}}